{"id":2,"date":"2025-12-08T14:52:19","date_gmt":"2025-12-08T14:52:19","guid":{"rendered":"http:\/\/irisfrere.com\/?page_id=2"},"modified":"2026-03-30T15:03:28","modified_gmt":"2026-03-30T14:03:28","slug":"sample-page","status":"publish","type":"page","link":"https:\/\/irisfrere.com\/index.php\/sample-page\/","title":{"rendered":"Iris Fr\u00e8re &#8211; artiste textile &#8211; dentelli\u00e8re"},"content":{"rendered":"\n<p class=\"has-vivid-red-color has-text-color has-link-color wp-elements-a6acc634a45ef3b3a1efe4d6b5053626\"><strong>EXPERIENCES PROFESSIONNELLES<\/strong><\/p>\n\n\n\n<p><strong>2026 MARS \/ AVRIL <strong>\u2013<\/strong><\/strong> <strong>Intervenante en tissage \u2013enfants de 4 \u00e0 11 ans <strong>\u2013<\/strong> Mom&rsquo; Tolbiac \u2013 Paris 12e \u2013 FRANCE<\/strong><\/p>\n\n\n\n<p><strong>2026 JANVIER \/ FEVRIER <strong>\u2013<\/strong><\/strong> <strong>Intervenante en dentelle aux fuseaux \u2013 DNMADE 1 <strong>\u2013<\/strong> Lyc\u00e9e La Source \u2013 Nogent sur Marne\u2013 FRANCE<\/strong><\/p>\n\n\n\n<p><strong>2025-26 <strong>\u2013<\/strong><\/strong> <strong>Cr\u00e9ation des cours \/ ateliers <em>Fil \u00e0 la ligne<\/em> \u2013 T\u00e9l\u00e9graphe \u2013 Paris 20e \u2013 FRANCE<\/strong><\/p>\n\n\n\n<p><strong>2025-26 <strong>\u2013<\/strong><\/strong> <strong>Professeur de dentelle contemporaine \u2013 Centre Paris Anim&rsquo; Bercy \u2013 Paris 12e \u2013 FRANCE<\/strong><\/p>\n\n\n\n<p><strong>2025-26 <strong>\u2013<\/strong> Professeur de dentelle contemporaine \u2013 Paris Ateliers \u2013 Viaduc des arts \u2013 Paris 12e \u2013 FRANCE<\/strong> <\/p>\n\n\n\n<p><strong>2025 FEVRIER et MARS <strong><strong>\u2013<\/strong><\/strong><\/strong> <strong>Remplacement Professeur de dentelle aux fuseaux \u2013 Paris Ateliers \u2013 Flammarion Paris 18e \u2013 FRANCE<\/strong> <\/p>\n\n\n\n<p><strong>2024-25 NOVEMBRE \u00e0 MARS <strong><strong>\u2013<\/strong><\/strong> Stage SOPA <strong><strong>\u2013<\/strong><\/strong><\/strong> <strong>Professeur d&rsquo;arts plastiques <strong><strong>\u2013<\/strong><\/strong> coll\u00e8ge Jean Moulin <strong><strong>\u2013<\/strong><\/strong><\/strong> <strong>Aubervilliers \u2013 FRANCE<\/strong><\/p>\n\n\n\n<p><strong>2023-24 NOVEMBRE &#8211; JUILLET <strong>\u2013<\/strong> Animateur p\u00e9riscolaire arts plastique \u2013 TAP \u2013 Paris 16e \u2013 FRANCE<\/strong> <\/p>\n\n\n\n<p><strong>2023 MAI <strong>\u2013<\/strong><\/strong> <strong>Cr\u00e9ation de l\u2019atelier\/boutique d\u2019arts \u2013 Atelier Entourage \u2013 Puteaux \u2013 Hauts-de-Seine \u2013 FRANCE<\/strong><\/p>\n\n\n\n<p><strong>2023 FEVRIER <strong>\u2013<\/strong><\/strong> <strong>R\u00e9sidence de cr\u00e9ation artistique \u2013 Bazart Textile \u2013 Saint-Antonin-Noble-Val \u2013 Occitanie \u2013 FRANCE<\/strong> <\/p>\n\n\n\n<p><b>2020 <\/b><strong style=\"font-weight: bold;\">\u2013<\/strong> <strong>Montage d\u2019exposition et r\u00e9alisation d\u2019une pi\u00e8ce pour l\u2019artiste Lou Roy \u2013&nbsp;R\u00e9sidence ArtCheval \u2013 Saumur \u2013 Pays de la Loire \u2013 FRANCE<\/strong><\/p>\n\n\n\n<p><strong>2017 FEVRIER \/ MARS <strong>\u2013<\/strong> Basse-lici\u00e8re \u2013&nbsp;Manufacture des Arts d\u00e9coratifs \u2013&nbsp;Thi\u00e8s \u2013 Afrique de l&rsquo;Ouest \u2013 SENEGAL<\/strong><\/p>\n\n\n\n<p><\/p>\n\n\n\n<p class=\"has-vivid-red-color has-text-color has-link-color wp-elements-266a043c2273ddc831e3ffbea231d4c6\"><strong>WORKSHOPS ET STAGES<\/strong><\/p>\n\n\n\n<p><strong>202<\/strong>6<strong> AVRIL 20 au 24 \u2013 Stage enfants <strong><strong><em>Arts du textile<\/em><\/strong> <\/strong> \u2013 <strong>CPA MUSIDORA \u2013 Paris \u2013 FRANCE<\/strong><\/strong><\/p>\n\n\n\n<h4 class=\"wp-block-heading has-small-font-size\"><strong>202<\/strong>6<strong> AVRIL 20 et 21 \u2013 Stage <em><strong>Bijoux en dentelle<\/strong> aux fuseaux<\/em> \u2013 <strong>CPA MUSIDORA \u2013 Paris \u2013 FRANCE<\/strong><\/strong><\/h4>\n\n\n\n<p><strong>2025 SEPTEMBRE 20 \u2013 Ateliers libres Dentelle aux fuseaux \u2013 Journ\u00e9e du patrimoine \u2013 Paris Ateliers au Viaduc des arts \u2013 Paris 12e \u2013 FRANCE<\/strong><\/p>\n\n\n\n<p><strong>2025 JUILLET<\/strong> <strong>17 au 20<\/strong> <strong>\u2013 <strong>Atelier de co-cr\u00e9ation <em>La Masure <\/em>\u2013<\/strong> <strong>par les p\u2019tites dentelles g\u00e9antes \u2013 festival de la F\u00eate des remparts \u2013 Dinan \u2013 FRANCE<\/strong><\/strong><\/p>\n\n\n\n<p><strong>2025 JUILLET 10 et 11 \u2013 Stage dentelle aux fuseaux <em>Dentelle de saison<\/em> \u2013 Paris Atelier avec La Parcelle \u2013  Le 19M \u2013 Paris 19e \u2013 FRANCE<\/strong> <\/p>\n\n\n\n<p><strong>2025 AVRIL 22 au 25  \u2013 Stage <em>Orner le monde<\/em> \u2013 Initiation dentelle aux fuseaux \u2013 CPA MUSIDORA \u2013 Paris \u2013 FRANCE<\/strong><\/p>\n\n\n\n<p><strong>2025 JANVIER 14 et FREVIER 25<\/strong> \u2013 <strong>Workshop in\u00e9dit <em>De la main \u00e0 la dentelle<\/em> \u2013 Fondation cartier pour l\u2019art contemporain \u2013 Paris \u2013 FRANCE<\/strong><\/p>\n\n\n\n<p><strong>2024 DECEMBRE 30 et 25 JANVIER <strong>\u2013<\/strong>  Les ateliers suspendus <em>Du fil au tissage<\/em> \u2013<\/strong> <strong>Fondation Cartier pour l\u2019art contemporain \u2013<\/strong> <strong>Paris \u2013 FRANCE<\/strong><\/p>\n\n\n\n<p><strong>2024 AOUT 30 et 31 \u2013<\/strong> <strong>Atelier de co-cr\u00e9ation par Les p\u2019tites dentelles g\u00e9antes et initiation \u00e0 la dentelle aux fuseaux \u2013<\/strong> <strong>salle Anne Follezou \u2013 Mo\u00eblan-sur-mer \u2013<\/strong> <strong>Bretagne<\/strong> \u2013 <strong>FRANCE<\/strong><\/p>\n\n\n\n<p><strong>2024 MAI 18 et 19\u2013<\/strong> <strong>Atelier de co-cr\u00e9ation <em>La Cabane<\/em> \u2013<\/strong> <strong>Par les p\u2019tites dentelles g\u00e9antes \u2013 festival mur \u00e0 p\u00eache \u2013 Montreuil \u2013 FRANCE<\/strong><\/p>\n\n\n\n<p><strong>2023<\/strong> <strong>MAI<\/strong> <strong>27 et 28<\/strong> <strong>\u2013 Projet <em>Les machines de dentelles g\u00e9antes<\/em> de Gladys Sauvage <strong>\u2013<\/strong> <strong>Festival des murs \u00e0 p\u00eaches <\/strong> \u2013 Montreuil \u2013 Ile-de-France \u2013 FRANCE<\/strong><\/p>\n\n\n\n<h4 class=\"wp-block-heading has-small-font-size\"><strong>2023 FEVRIER 13 et 14 <strong>\u2013<\/strong><\/strong> <strong>Initiation \u00e0 la dentelle contemporaine \u2013 Saint-Antonin-Noble-Val \u2013 Occitanie \u2013 FRANCE<\/strong><\/h4>\n\n\n\n<h4 class=\"wp-block-heading has-small-font-size\"><strong>2021 FEVRIER <strong>\u2013<\/strong><\/strong> <strong>Atelier Initiation au Tissage \u2013 Classe de 6\u00e8me \u2013 Plouguenast, Bretagne \u2013 FRANCE<\/strong><\/h4>\n\n\n\n<h4 class=\"wp-block-heading has-small-font-size\"><strong>2017 MAI <strong>\u2013<\/strong><\/strong> <strong>Mise en place d\u2019un atelier artistique autour du tissage pour une installation in situ au coll\u00e8ge Abb\u00e9 Fridoil ex Kl\u00e9bert \u2013 Dakar \u2013 Afrique de l&rsquo;Ouest \u2013 SENEGAL<\/strong><\/h4>\n\n\n\n<p><\/p>\n\n\n\n<p class=\"has-vivid-red-color has-text-color has-link-color wp-elements-db9995495103a1f71aeca254a1f0142a\"><strong>EXPOSITIONS INDIVIDUELLES<\/strong><\/p>\n\n\n\n<h4 class=\"wp-block-heading has-small-font-size\"><strong>2026 MARS \u00e0 AVRIL <em>Dentelle Contemporaine<\/em> &#8211;&nbsp;Paris Atelier au Viaduc des arts &#8211; Paris &#8211; FRANCE<\/strong><\/h4>\n\n\n\n<p><strong>2023 JANVIER \u00e0 MARS <em>Textiles, une gestuelle de souvenirs<\/em> &#8211;&nbsp;Bazart Textile &#8211; Saint-Antonin-Noble-Val &#8211; Occitanie &#8211; FRANCE<\/strong><\/p>\n\n\n\n<p><\/p>\n\n\n\n<h3 class=\"wp-block-heading has-vivid-red-color has-text-color has-small-font-size\"><strong>EXPOSITIONS COLLECTIVES<\/strong><\/h3>\n\n\n\n<h4 class=\"wp-block-heading has-small-font-size\"><strong>2026 JUILLET \/ AOUT \u2013 <em>Les variations Textiles XXL<\/em> \u2013 La Halle Roublot \u2013 Fontenay-Sous-Bois \u2013 FRANCE<\/strong><\/h4>\n\n\n\n<p><strong>2025 JUILLET \/ AOUT \u2013 <em>Petits agencements<\/em> \u2013 atelier Galerie Phare \u2013 Lorgues \u2013 FRANCE<\/strong><\/p>\n\n\n\n<p><strong>2025 JUIN \u00e0 OCTOBRE \u2013 <em>Dentelle de laine<\/em> \u2013 H\u00f4tel de la dentelle \u2013 Brioude \u2013 FRANCE<\/strong><\/p>\n\n\n\n<p><strong>2024 AOUT \u2013<\/strong> <strong><em>Entrem\u00eal\u00e9<\/em> \u2013<\/strong> <strong>Port Brigneau \u2013 Mo\u00eblan-sur-Mer \u2013<\/strong> <strong>FRANCE<\/strong><\/p>\n\n\n\n<p><strong>2024 JUIN \u2013<\/strong> <strong><em>Maison Neuve<\/em> \u2013 Espace Canopy \u2013 Paris 18e  \u2013 FRANCE<\/strong><\/p>\n\n\n\n<p><strong>2024 MARS \u2013<\/strong> <strong><em>Les variations textiles<\/em>  \u2013<\/strong> <strong>Galerie Openbach \u2013<\/strong> <strong>Vincennes \u2013<\/strong> <strong>Paris \u2013<\/strong> <strong>FRANCE<\/strong><\/p>\n\n\n\n<p><strong>2023 OCTOBRE et NOVEMBRE \u2013 <em>13e prix Jeune Cr\u00e9ation<\/em> \u2013<\/strong> <strong>Atelier Blanc \u2013<\/strong> <strong>Moulin des arts \u2013 Saint-R\u00e9my \u2013<\/strong> <strong>FRANCE<\/strong><\/p>\n\n\n\n<p><strong>2023 JUIN <strong>\u2013<\/strong> <em>Concours Ateliers d\u2019arts de France<\/em> \u2013 mus\u00e9e d\u2019art et d\u2019histoire \u2013 Tarascon \u2013FRANCE<\/strong><\/p>\n\n\n\n<p><strong>2023 SEPTEMBRE \u00e0 NOVEMBRE \u2013 <em>Laced Allegory <\/em>oeuvre r\u00e9alis\u00e9e avec Yole Devaux, Gladys Sauvage, Julie Percillier et Anastasia Kosmadaki \u2013<\/strong> <strong>exposition permanente \u2013 Cit\u00e9 de la mode et de la dentelle&nbsp;\u2013 Calais \u2013 Hauts-de-France \u2013 FRANCE<\/strong><\/p>\n\n\n\n<p class=\"has-small-font-size\"><strong>2023 MAI <strong>\u2013<\/strong> <em>Inauguration de l&rsquo;atelier Entourage<\/em> \u2013 Atelier Entourage \u2013 Puteaux \u2013 Haut de Seine \u2013 FRANCE<\/strong><\/p>\n\n\n\n<h4 class=\"wp-block-heading has-small-font-size\"><strong>2023 SAISON PRINTEMPS\/ETE <strong>\u2013<\/strong> <em>On S\u00e8me<\/em> \u2013 La Prairie Galerie \u2013 Sonia Deleani \u2013 Po\u00ebt Laval \u2013 Auvergne-Rh\u00f4ne-Alpes \u2013FRANCE<\/strong><\/h4>\n\n\n\n<h4 class=\"wp-block-heading has-small-font-size\"><strong>2022 SEPTEMBRE \u00e0 NOVEMBRE <strong>\u2013<\/strong> <em>Kunstenparcours Living Lace<\/em> \u2013 <em>The Hidden Side Of Lace<\/em> \u2013 Centre culturel de Renaix \u2013Renaix &#8211; Flandre &#8211; BELGIQUE<\/strong><\/h4>\n\n\n\n<h4 class=\"wp-block-heading has-small-font-size\"><strong>2022 AOUT\/SEPTEMBRE <strong>\u2013<\/strong> <em>Un geste qui racont<\/em>e \u2013 Exposition en duo avec Audrey Ballacchino Galerie Le Phare \u2013 Lorgues \u2013 Provence Alpes C\u00f4tes d&rsquo;Azur \u2013 FRANCE<\/strong><\/h4>\n\n\n\n<h4 class=\"wp-block-heading has-small-font-size\"><strong>2022 DECEMBRE <strong>\u2013<\/strong>  <em>Le phare fait son Bazar<\/em> \u2013 Galerie Le Phare \u2013 Lorgues \u2013 Provence Alpes C\u00f4tes d&rsquo;Azur \u2013FRANCE<\/strong><\/h4>\n\n\n\n<h4 class=\"wp-block-heading has-small-font-size\"><strong>2021 OCTOBRE \/ NOVEMBRE <strong>\u2013<\/strong><\/strong> <strong><em>Tremplin <\/em>\u2013 Galerie Becraft \u2013 Mons \u2013 Hainaut \u2013 BELGIQUE<\/strong><\/h4>\n\n\n\n<h4 class=\"wp-block-heading has-small-font-size\"><strong>2021 MAI \/ JUIN <strong>\u2013<\/strong><\/strong> <strong><em>L.Y.F.E<\/em> \u2013 Espace Vanderborght \u2013 Bruxelles \u2013 Bruxelles Capitale \u2013 BELGIQUE<\/strong><\/h4>\n\n\n\n<p><\/p>\n\n\n\n<h3 class=\"wp-block-heading has-vivid-red-color has-text-color has-small-font-size\"><strong>PRIX ET BOURSES<\/strong><\/h3>\n\n\n\n<h4 class=\"wp-block-heading has-small-font-size\"><strong>2023 <strong>\u2013<\/strong> 13e Prix Jeune Cr\u00e9ation \u2013 Prix du public \u2013 Atelier Blanc \u2013 Moulin des arts \u2013 Saint-R\u00e9my \u2013 FRANCE<\/strong><\/h4>\n\n\n\n<p><strong>2022 <strong>\u2013<\/strong> Prix M\u00e9diatine \u201822 \u2013 S\u00e9lectionn\u00e9e \u2013&nbsp;La m\u00e9diatine \u2013 Bruxelles \u2013 BELGIQUE<\/strong><\/p>\n\n\n\n<p><strong>2021<\/strong> <strong>\u2013<\/strong> <strong>Tremplin \u2013 s\u00e9lectionn\u00e9e \u2013 Becraft \u2013 Mons \u2013 Hainaut \u2013 BEGIQUE<\/strong><\/p>\n\n\n\n<p><\/p>\n\n\n\n<div class=\"wp-block-columns are-vertically-aligned-center is-layout-flex wp-container-core-columns-is-layout-28f84493 wp-block-columns-is-layout-flex\">\n<div class=\"wp-block-column is-vertically-aligned-center is-layout-flow wp-block-column-is-layout-flow\" style=\"flex-basis:100%\">\n<p class=\"has-vivid-red-color has-text-color has-link-color wp-elements-918fce88758e3169c9560d9dc164f9b5\"><strong>FORMATIONS<\/strong><\/p>\n\n\n\n<p><strong>2024-2025<\/strong> <strong>\u2013<\/strong> <strong>1\u00e8re ann\u00e9e de Master MEEF arts plastiques \u2013&nbsp; Paris 8 \u2013 Paris &#8211; FRANCE<\/strong>               <\/p>\n\n\n\n<p><strong>2021 <strong>\u2013<\/strong>&nbsp;Master Tapisserie\/Arts textiles, admise avec distinction \u2013&nbsp; ARBA ESA \u2013 Bruxelles- BELGIQUE<br><br>2017-2019 <strong>\u2013<\/strong>&nbsp;1\u00e8re et 2\u00e8me ann\u00e9e de bachelier en Design Textile \u00e0 L\u2019ENSAV La Cambre \u2013 Bruxelles \u2013 BELGIQUE<br><br>2016 <strong>\u2013<\/strong> DNAP (Dipl\u00f4me National d\u2019Art Plastique) avec mention \u00e0 L\u2019EESI Angoul\u00eame \u2013 FRANCE<br><br>2013 <strong>\u2013<\/strong>&nbsp;Baccalaur\u00e9at STD2A \u2013 Lyc\u00e9e L\u00e9onard de Vinci \u2013 Antibes \u2013 FRANCE<\/strong><\/p>\n<\/div>\n<\/div>\n","protected":false},"excerpt":{"rendered":"<p>EXPERIENCES PROFESSIONNELLES 2026 MARS \/ AVRIL \u2013 Intervenante en tissage \u2013enfants de 4 \u00e0 11 ans \u2013 Mom&rsquo; Tolbiac \u2013 Paris 12e \u2013 FRANCE 2026 JANVIER \/ FEVRIER \u2013 Intervenante en dentelle aux fuseaux \u2013 DNMADE 1 \u2013 Lyc\u00e9e La Source \u2013 Nogent sur Marne\u2013 FRANCE 2025-26 \u2013 Cr\u00e9ation des cours \/ ateliers Fil \u00e0 [&hellip;]<\/p>\n","protected":false},"author":1,"featured_media":0,"parent":0,"menu_order":0,"comment_status":"closed","ping_status":"open","template":"","meta":{"footnotes":""},"categories":[],"tags":[],"class_list":["post-2","page","type-page","status-publish","hentry"],"_links":{"self":[{"href":"https:\/\/irisfrere.com\/index.php\/wp-json\/wp\/v2\/pages\/2","targetHints":{"allow":["GET"]}}],"collection":[{"href":"https:\/\/irisfrere.com\/index.php\/wp-json\/wp\/v2\/pages"}],"about":[{"href":"https:\/\/irisfrere.com\/index.php\/wp-json\/wp\/v2\/types\/page"}],"author":[{"embeddable":true,"href":"https:\/\/irisfrere.com\/index.php\/wp-json\/wp\/v2\/users\/1"}],"replies":[{"embeddable":true,"href":"https:\/\/irisfrere.com\/index.php\/wp-json\/wp\/v2\/comments?post=2"}],"version-history":[{"count":13,"href":"https:\/\/irisfrere.com\/index.php\/wp-json\/wp\/v2\/pages\/2\/revisions"}],"predecessor-version":[{"id":486,"href":"https:\/\/irisfrere.com\/index.php\/wp-json\/wp\/v2\/pages\/2\/revisions\/486"}],"wp:attachment":[{"href":"https:\/\/irisfrere.com\/index.php\/wp-json\/wp\/v2\/media?parent=2"}],"wp:term":[{"taxonomy":"category","embeddable":true,"href":"https:\/\/irisfrere.com\/index.php\/wp-json\/wp\/v2\/categories?post=2"},{"taxonomy":"post_tag","embeddable":true,"href":"https:\/\/irisfrere.com\/index.php\/wp-json\/wp\/v2\/tags?post=2"}],"curies":[{"name":"wp","href":"https:\/\/api.w.org\/{rel}","templated":true}]}}